{"id":4084,"date":"2019-09-02T00:00:00","date_gmt":"2019-09-02T00:00:00","guid":{"rendered":"https:\/\/biovegen.org\/?post_type=evento&#038;p=4084"},"modified":"2020-05-12T08:59:10","modified_gmt":"2020-05-12T08:59:10","slug":"jornada-inia-biovegen-technology-attraction-inia-tecnologia-al-servicio-de-la-agricultura","status":"publish","type":"evento","link":"https:\/\/biovegen.org\/en\/eventos\/jornada-inia-biovegen-technology-attraction-inia-tecnologia-al-servicio-de-la-agricultura\/","title":{"rendered":"INIA-BIOVEGEN Conference \u00abTECHNOLOGY ATTRACTION: INIA, technology at the service of agriculture\u00bb"},"content":{"rendered":"<h2 class=\"wp-block-heading\"><strong><span style=\"color:#5d8719\" class=\"has-inline-color\">INIA-BIOVEGEN Conference \u00abTECHNOLOGY ATTRACTION: INIA, technology at the service of agriculture\u00bb<\/span><\/strong><\/h2>\n\n\n\n<h2 class=\"has-text-align-center wp-block-heading\"><strong>October 23, 2019. IFEMA, Madrid<\/strong><\/h2>\n\n\n\n<p>The BIOVEGEN Day <strong>\u201cTECHNOLOGY ATTRACTION: INIA, technology at the service of agriculture\u201d<\/strong> It will be held next Wednesday, October 23, within the framework of the international fair <strong>FRUIT ATTRACTION 2019:<\/strong><\/p>\n\n\n\n<ul class=\"wp-block-list\"><li>Reference fair in the plant production sector<\/li><li><strong>+ 1.800 <\/strong>exhibiting companies<\/li><li><strong>+ 90.000 <\/strong>visitors<\/li><li><strong>+ 120 <\/strong>countries represented<\/li><\/ul>\n\n\n\n<p> This Conference aims to be a <strong>forum for the presentation of the scientific\/technological capabilities of the INIA network of centers <\/strong>and how to make it available to the Spanish agricultural sector, to improve its technological and competitive capacity and its investment in R&amp;D.<\/p>\n\n\n\n<p>The event will offer the <strong>possibility of requesting bilateral meetings between participants and attendees<\/strong> (currently more than 300 participants: 85 Companies, 31 Research Centers, Administration, Associations...).<\/p>\n\n\n\n<div class=\"wp-block-file aligncenter\"><a href=\"https:\/\/biovegen.org\/wp-content\/uploads\/2020\/05\/Jornada_FA2019._Entidades_inscritas_vfinal.pdf\" class=\"wp-block-file__button\" download>SEE LIST OF PARTICIPATING ENTITIES<\/a><\/div>\n\n\n\n<blockquote class=\"wp-block-quote is-layout-flow wp-block-quote-is-layout-flow\"><p>If you are interested in holding bilateral meetings during the day, contact <strong><a href=\"mailto:dlapuente@invegen.org\">BIOVEGEN <\/a><\/strong>indicating your contact information and the entity(ies) you wish to meet with.<\/p><\/blockquote>\n\n\n\n<div style=\"height:25px\" aria-hidden=\"true\" class=\"wp-block-spacer\"><\/div>\n\n\n\n<h2 class=\"wp-block-heading\"><strong><span style=\"color:#5d8719\" class=\"has-inline-color\">Program of the day<\/span><\/strong><\/h2>\n\n\n\n<p><strong><span style=\"color:#5d8719\" class=\"has-inline-color\">12:00 p.m. Welcome and introduction<\/span><\/strong><\/p>\n\n\n\n<p><strong><span style=\"color:#5d8719\" class=\"has-inline-color\">12:15 p.m. Technological offer INIA centers<\/span><\/strong><\/p>\n\n\n\n<ul class=\"wp-block-list\"><li><strong>Madrid \u2013 INIA. <\/strong>Rosa Arroyo-Garc\u00eda. <em>Deputy Director Biotech. CBGP (UPM-INIA)<\/em> <\/li><li><strong>Andalusia \u2013 IFAPA. <\/strong>Jos\u00e9 Cara Gonz\u00e1lez.<em> President<\/em><\/li><li><strong>Aragon \u2013 QUOTE. <\/strong>Arturo Daud\u00e9n Ib\u00e1\u00f1ez. <em>Project Office Coordinator<\/em> \u2022 <\/li><li><strong>Balearic Islands- INAGEA. <\/strong>Hip\u00f3lito Medrano Gil.<em> Director<\/em><\/li><li><strong>Castilla La Mancha \u2013 IRIAF. <\/strong>Esteban Garc\u00eda Romero.<em> Director<\/em> <\/li><li><strong>Catalonia \u2013 IRTA. <\/strong>Josep Usall I Rodi\u00e9<em>. Director<\/em><\/li><li><strong>Valencian Community \u2013 IVIA. <\/strong>Enrique Molt\u00f3 Garc\u00eda<em>. Director<\/em><\/li><li><strong>Basque Country \u2013 NEIKER. <\/strong>Leire Bara\u00f1ano Orbe<em>. Director<\/em><\/li><\/ul>\n\n\n\n<p><span style=\"color:#5d8719\" class=\"has-inline-color\"><strong>2:15 p.m. Experience of collaborating companies with the INIA network<\/strong> <\/span><\/p>\n\n\n\n<ul class=\"wp-block-list\"><li><strong>PROBELTE. <\/strong>Jose Manuel Casanova<em>. President and CEO<\/em><\/li><li><strong>INNOPLANT. <\/strong>Eva Sanchez.<em> Managing director<\/em><\/li><\/ul>\n\n\n\n<p><strong><span style=\"color:#5d8719\" class=\"has-inline-color\">2:45 p.m. Conclusions and closing<\/span><\/strong><\/p>\n\n\n\n<p><em><strong><span style=\"color:#5d8719\" class=\"has-inline-color\">Cocktail and networking<\/span><\/strong><\/em><\/p>\n\n\n\n<blockquote class=\"wp-block-quote is-layout-flow wp-block-quote-is-layout-flow\"><p><em>In the afternoon: <\/em><strong>B2B meetings <\/strong><em>between attendees, INIA centers and BIOVEGEN partners<\/em><\/p><\/blockquote>\n\n\n\n<div style=\"height:50px\" aria-hidden=\"true\" class=\"wp-block-spacer\"><\/div>\n\n\n\n<h2 class=\"wp-block-heading\"><strong>IFEMA plans<\/strong><\/h2>\n\n\n\n<figure class=\"wp-block-gallery columns-2 is-cropped wp-block-gallery-1 is-layout-flex wp-block-gallery-is-layout-flex\"><ul class=\"blocks-gallery-grid\"><li class=\"blocks-gallery-item\"><figure><a href=\"https:\/\/biovegen.org\/wp-content\/uploads\/2020\/05\/PLANO01.jpg\"><img fetchpriority=\"high\" decoding=\"async\" width=\"1023\" height=\"768\" src=\"data:image\/gif;base64,R0lGODlhAQABAAAAACH5BAEKAAEALAAAAAABAAEAAAICTAEAOw==\" alt=\"\" data-id=\"4095\" data-full-url=\"https:\/\/biovegen.org\/wp-content\/uploads\/2020\/05\/PLANO01.jpg\" data-link=\"https:\/\/biovegen.org\/evento\/jornada-inia-biovegen-technology-attraction-inia-tecnologia-al-servicio-de-la-agricultura\/attachment\/plano01\/\" class=\"wp-image-4095 lazyload\" sizes=\"(max-width: 1023px) 100vw, 1023px\" data-src=\"https:\/\/biovegen.org\/wp-content\/uploads\/2020\/05\/PLANO01.jpg\" data-srcset=\"https:\/\/biovegen.org\/wp-content\/uploads\/2020\/05\/PLANO01.jpg 1023w, https:\/\/biovegen.org\/wp-content\/uploads\/2020\/05\/PLANO01-600x450.jpg 600w, https:\/\/biovegen.org\/wp-content\/uploads\/2020\/05\/PLANO01-300x225.jpg 300w, https:\/\/biovegen.org\/wp-content\/uploads\/2020\/05\/PLANO01-768x577.jpg 768w\"><\/a><\/figure><\/li><li class=\"blocks-gallery-item\"><figure><a href=\"https:\/\/biovegen.org\/wp-content\/uploads\/2020\/05\/PLANO02.jpg\"><img decoding=\"async\" width=\"1025\" height=\"768\" src=\"data:image\/gif;base64,R0lGODlhAQABAAAAACH5BAEKAAEALAAAAAABAAEAAAICTAEAOw==\" alt=\"\" data-id=\"4096\" data-full-url=\"https:\/\/biovegen.org\/wp-content\/uploads\/2020\/05\/PLANO02.jpg\" data-link=\"https:\/\/biovegen.org\/evento\/jornada-inia-biovegen-technology-attraction-inia-tecnologia-al-servicio-de-la-agricultura\/attachment\/plano02\/\" class=\"wp-image-4096 lazyload\" sizes=\"(max-width: 1025px) 100vw, 1025px\" data-src=\"https:\/\/biovegen.org\/wp-content\/uploads\/2020\/05\/PLANO02.jpg\" data-srcset=\"https:\/\/biovegen.org\/wp-content\/uploads\/2020\/05\/PLANO02.jpg 1025w, https:\/\/biovegen.org\/wp-content\/uploads\/2020\/05\/PLANO02-600x450.jpg 600w, https:\/\/biovegen.org\/wp-content\/uploads\/2020\/05\/PLANO02-300x225.jpg 300w, https:\/\/biovegen.org\/wp-content\/uploads\/2020\/05\/PLANO02-768x575.jpg 768w\"><\/a><\/figure><\/li><\/ul><\/figure>\n\n\n\n<div style=\"height:50px\" aria-hidden=\"true\" class=\"wp-block-spacer\"><\/div>\n\n\n\n<h2 class=\"wp-block-heading\"><strong>About the organizers<\/strong><\/h2>\n\n\n\n<figure class=\"wp-block-gallery columns-2 is-cropped wp-block-gallery-2 is-layout-flex wp-block-gallery-is-layout-flex\"><ul class=\"blocks-gallery-grid\"><li class=\"blocks-gallery-item\"><figure><a href=\"https:\/\/biovegen.org\/wp-content\/uploads\/2020\/05\/SOBREINIA.jpg\"><img decoding=\"async\" width=\"1024\" height=\"768\" src=\"data:image\/gif;base64,R0lGODlhAQABAAAAACH5BAEKAAEALAAAAAABAAEAAAICTAEAOw==\" alt=\"\" data-id=\"4101\" data-link=\"https:\/\/biovegen.org\/evento\/jornada-inia-biovegen-technology-attraction-inia-tecnologia-al-servicio-de-la-agricultura\/attachment\/sobreinia\/\" class=\"wp-image-4101 lazyload\" sizes=\"(max-width: 1024px) 100vw, 1024px\" data-src=\"https:\/\/biovegen.org\/wp-content\/uploads\/2020\/05\/SOBREINIA.jpg\" data-srcset=\"https:\/\/biovegen.org\/wp-content\/uploads\/2020\/05\/SOBREINIA.jpg 1024w, https:\/\/biovegen.org\/wp-content\/uploads\/2020\/05\/SOBREINIA-600x450.jpg 600w, https:\/\/biovegen.org\/wp-content\/uploads\/2020\/05\/SOBREINIA-300x225.jpg 300w, https:\/\/biovegen.org\/wp-content\/uploads\/2020\/05\/SOBREINIA-768x576.jpg 768w\"><\/a><\/figure><\/li><li class=\"blocks-gallery-item\"><figure><a href=\"https:\/\/biovegen.org\/wp-content\/uploads\/2020\/05\/SOBREBIOVEGEN.jpg\"><img loading=\"lazy\" decoding=\"async\" width=\"1024\" height=\"768\" src=\"data:image\/gif;base64,R0lGODlhAQABAAAAACH5BAEKAAEALAAAAAABAAEAAAICTAEAOw==\" alt=\"\" data-id=\"4102\" data-full-url=\"https:\/\/biovegen.org\/wp-content\/uploads\/2020\/05\/SOBREBIOVEGEN.jpg\" data-link=\"https:\/\/biovegen.org\/evento\/jornada-inia-biovegen-technology-attraction-inia-tecnologia-al-servicio-de-la-agricultura\/attachment\/sobrebiovegen\/\" class=\"wp-image-4102 lazyload\" sizes=\"(max-width: 1024px) 100vw, 1024px\" data-src=\"https:\/\/biovegen.org\/wp-content\/uploads\/2020\/05\/SOBREBIOVEGEN.jpg\" data-srcset=\"https:\/\/biovegen.org\/wp-content\/uploads\/2020\/05\/SOBREBIOVEGEN.jpg 1024w, https:\/\/biovegen.org\/wp-content\/uploads\/2020\/05\/SOBREBIOVEGEN-600x450.jpg 600w, https:\/\/biovegen.org\/wp-content\/uploads\/2020\/05\/SOBREBIOVEGEN-300x225.jpg 300w, https:\/\/biovegen.org\/wp-content\/uploads\/2020\/05\/SOBREBIOVEGEN-768x576.jpg 768w\"><\/a><\/figure><\/li><\/ul><\/figure>\n\n\n\n<p><\/p>","protected":false},"excerpt":{"rendered":"<p>Jornada INIA-BIOVEGEN \u00abTECHNOLOGY ATTRACTION: INIA, tecnolog\u00eda al servicio de la agricultura\u00bb 23 de octubre de 2019. IFEMA, Madrid La Jornada BIOVEGEN \u201cTECHNOLOGY ATTRACTION: INIA, tecnolog\u00eda al servicio de la agricultura\u201d se celebrar\u00e1 el pr\u00f3ximo mi\u00e9rcoles 23 de octubre en el marco de la feria internacional FRUIT ATTRACTION 2019: Feria de referencia en el sector de [&hellip;]<\/p>\n","protected":false},"featured_media":4085,"template":"","meta":{"_acf_changed":false,"inline_featured_image":false},"categories":[22,20,32],"tags":[],"class_list":["post-4084","evento","type-evento","status-publish","has-post-thumbnail","hentry","category-actualidad","category-eventos","category-jornadas-biovegen-inia"],"acf":[],"_links":{"self":[{"href":"https:\/\/biovegen.org\/en\/wp-json\/wp\/v2\/evento\/4084","targetHints":{"allow":["GET"]}}],"collection":[{"href":"https:\/\/biovegen.org\/en\/wp-json\/wp\/v2\/evento"}],"about":[{"href":"https:\/\/biovegen.org\/en\/wp-json\/wp\/v2\/types\/evento"}],"wp:featuredmedia":[{"embeddable":true,"href":"https:\/\/biovegen.org\/en\/wp-json\/wp\/v2\/media\/4085"}],"wp:attachment":[{"href":"https:\/\/biovegen.org\/en\/wp-json\/wp\/v2\/media?parent=4084"}],"wp:term":[{"taxonomy":"category","embeddable":true,"href":"https:\/\/biovegen.org\/en\/wp-json\/wp\/v2\/categories?post=4084"},{"taxonomy":"post_tag","embeddable":true,"href":"https:\/\/biovegen.org\/en\/wp-json\/wp\/v2\/tags?post=4084"}],"curies":[{"name":"wp","href":"https:\/\/api.w.org\/{rel}","templated":true}]}}