{"id":18744,"date":"2023-12-14T16:07:34","date_gmt":"2023-12-14T15:07:34","guid":{"rendered":"https:\/\/biovegen.org\/?post_type=evento&#038;p=18744"},"modified":"2026-02-16T15:14:12","modified_gmt":"2026-02-16T14:14:12","slug":"jornada-ibmcp-tecnologia-al-servicio-de-la-agricultura","status":"publish","type":"evento","link":"https:\/\/biovegen.org\/en\/eventos\/jornada-ibmcp-tecnologia-al-servicio-de-la-agricultura\/","title":{"rendered":"Conference \u201cIBMCP \u2013 Science and Technology at the Service of Agriculture\u201d"},"content":{"rendered":"<h2 class=\"wp-block-heading has-text-align-center has-text-color\" style=\"color:#5d8719\">Conference \u201cIBMCP \u2013 Science and Technology at the Service of Agriculture\u201d<\/h2>\n\n\n\n<h2 class=\"wp-block-heading has-text-align-center\">February 15, 2024. Valencia<\/h2>\n\n\n\n<h2 class=\"wp-block-heading has-text-align-center\"><strong><mark style=\"background-color:rgba(0, 0, 0, 0)\" class=\"has-inline-color has-vivid-red-color\">FULL CAPACITY<\/mark><\/strong><\/h2>\n\n\n\n<div class=\"wp-block-columns is-layout-flex wp-container-core-columns-is-layout-9d6595d7 wp-block-columns-is-layout-flex\">\n<div class=\"wp-block-column is-layout-flow wp-block-column-is-layout-flow\">\n<div class=\"wp-block-buttons is-content-justification-center is-layout-flex wp-container-core-buttons-is-layout-16018d1d wp-block-buttons-is-layout-flex\">\n<div class=\"wp-block-button\"><a class=\"wp-block-button__link wp-element-button\" href=\"https:\/\/www.google.com\/maps?sca_esv=591869924&amp;rlz=1C1UEAD_esES966ES966&amp;output=search&amp;q=Auditorio+del+Cubo+Azul+de+la+Ciudad+Polit%C3%A9cnica+de+la+Innovaci%C3%B3n+(CPI).&amp;source=lnms&amp;entry=mc\" target=\"_blank\" rel=\"noreferrer noopener\">Location<\/a><\/div>\n<\/div>\n<\/div>\n\n\n\n<div class=\"wp-block-column is-layout-flow wp-block-column-is-layout-flow\">\n<div class=\"wp-block-buttons is-content-justification-center is-layout-flex wp-container-core-buttons-is-layout-16018d1d wp-block-buttons-is-layout-flex\">\n<div class=\"wp-block-button\"><a class=\"wp-block-button__link wp-element-button\" href=\"https:\/\/biovegen.org\/wp-content\/uploads\/2024\/02\/Programa-Jornada-IBMCP-6.pdf\" target=\"_blank\" rel=\"noreferrer noopener\">Program<\/a><\/div>\n<\/div>\n<\/div>\n\n\n\n<div class=\"wp-block-column is-layout-flow wp-block-column-is-layout-flow\">\n<div class=\"wp-block-buttons is-content-justification-center is-layout-flex wp-container-core-buttons-is-layout-16018d1d wp-block-buttons-is-layout-flex\">\n<div class=\"wp-block-button\"><a class=\"wp-block-button__link wp-element-button\" href=\"https:\/\/biovegen.org\/noticias\/el-futuro-ya-esta-aqui-cultivos-mas-nutritivos-resistentes-a-enfermedades-o-mejor-adaptados-a-la-sequia\/\" target=\"_blank\" rel=\"noreferrer noopener\">Conclusions<\/a><\/div>\n<\/div>\n<\/div>\n<\/div>\n\n\n\n<p>On February 15, 2024, the&nbsp;<strong>Conference \u201cIBMCP \u2013 Science and Technology at the Service of Agriculture\u201d <\/strong>in the Blue Cube Auditorium of the Polytechnic City of Innovation (Valencia). This Conference, organized by the Institute of Molecular and Cellular Biology of Plants (IBMCP), the Technological Platform for Plant Biotechnology (BIOVEGEN) and the Cajamar Cooperative Group.<\/p>\n\n\n\n<p>The event aims to make available the&nbsp;<strong>knowledge and capabilities of the IBMCP to solve the challenges of companies in the agri-food sector<\/strong>, disseminate the scientific-technological capabilities of the IBMCP and promote science-business projects.&nbsp;<\/p>\n\n\n\n<p>The Conference will allow to publicize the&nbsp;<strong>latest advances<\/strong>&nbsp;in genomic editing of crops, new nutrition and plant health treatments, new more efficient and nutritious varieties and the implementation of sustainability in the production chain. In addition, they will be treated&nbsp;<strong>transversal aspects of open innovation&nbsp;<\/strong>and technology transfer (innovation ecosystems, accelerators, innovation agents,&nbsp;<em>start ups<\/em>, investment funds\u2026).<\/p>\n\n\n\n<p>The event is conceived as a tool for developing collaborations and business, so participating professionals will be able to request and maintain&nbsp;<strong>bilateral meetings to promote collaborations and projects<\/strong>&nbsp;science-business.<\/p>\n\n\n\n<div class=\"wp-block-buttons is-content-justification-center is-layout-flex wp-container-core-buttons-is-layout-16018d1d wp-block-buttons-is-layout-flex\">\n<div class=\"wp-block-button\"><a class=\"wp-block-button__link wp-element-button\" href=\"https:\/\/biovegen.org\/wp-content\/uploads\/2024\/01\/Documento-capacidades-IBMCP-Jornada-IBMCP.-v.30.01.24.pdf\" target=\"_blank\" rel=\"noreferrer noopener\">IBMCP technology offering<\/a><\/div>\n<\/div>\n\n\n\n<div style=\"height:30px\" aria-hidden=\"true\" class=\"wp-block-spacer\"><\/div>\n\n\n\n<p>The day will also allow participating professionals to maintain&nbsp;<strong>bilateral meetings<\/strong>&nbsp;between bidders and demanders of biotechnology, in previously scheduled meetings that will take place throughout the day in the spaces of&nbsp;<em>networking&nbsp;<\/em>enabled. The event currently has<strong>&nbsp;more than 350 registered professionals from 153 entities in the sector.<\/strong><\/p>\n\n\n<div class=\"wp-block-image\">\n<figure class=\"aligncenter size-full is-resized\"><img fetchpriority=\"high\" decoding=\"async\" width=\"952\" height=\"218\" src=\"data:image\/gif;base64,R0lGODlhAQABAAAAACH5BAEKAAEALAAAAAABAAEAAAICTAEAOw==\" alt=\"\" class=\"wp-image-19181 lazyload\" style=\"aspect-ratio:4.254716981132075;width:621px;height:auto\" sizes=\"(max-width: 952px) 100vw, 952px\" data-src=\"https:\/\/biovegen.org\/wp-content\/uploads\/2023\/12\/Jornada-IBMCP-153.png\" data-srcset=\"https:\/\/biovegen.org\/wp-content\/uploads\/2023\/12\/Jornada-IBMCP-153.png 952w, https:\/\/biovegen.org\/wp-content\/uploads\/2023\/12\/Jornada-IBMCP-153-600x137.png 600w, https:\/\/biovegen.org\/wp-content\/uploads\/2023\/12\/Jornada-IBMCP-153-300x69.png 300w, https:\/\/biovegen.org\/wp-content\/uploads\/2023\/12\/Jornada-IBMCP-153-768x176.png 768w, https:\/\/biovegen.org\/wp-content\/uploads\/2023\/12\/Jornada-IBMCP-153-18x4.png 18w\"><\/figure>\n<\/div>\n\n\n<div style=\"height:30px\" aria-hidden=\"true\" class=\"wp-block-spacer\"><\/div>\n\n\n\n<p>Below you can consult the list of entities registered for the Conference. If you are interested in holding bilateral meetings with any of them, please send an email to the address&nbsp;<strong><a href=\"mailto:dlapuente@invegen.org\">dlapuente@invegen.org<\/a><\/strong>&nbsp;indicating which ones they are. (This list will be updated weekly until the event takes place).<\/p>\n\n\n\n<div class=\"wp-block-buttons is-content-justification-center is-layout-flex wp-container-core-buttons-is-layout-16018d1d wp-block-buttons-is-layout-flex\">\n<div class=\"wp-block-button\"><a class=\"wp-block-button__link wp-element-button\" href=\"https:\/\/biovegen.org\/wp-content\/uploads\/2024\/02\/Listado-final-de-entidades-inscritas-Jornada-IBMCP-2.pdf\" target=\"_blank\" rel=\"noreferrer noopener\">List of registered entities<\/a><\/div>\n<\/div>\n\n\n\n<div style=\"height:50px\" aria-hidden=\"true\" class=\"wp-block-spacer\"><\/div>\n\n\n\n<h2 class=\"wp-block-heading\">Preliminary program<\/h2>\n\n\n\n<ul class=\"wp-block-list\">\n<li><strong>9:30 a.m. <em>Reception of attendees and welcome coffee<\/em><\/strong>.<\/li>\n\n\n\n<li><strong>10:00 a.m. Opening of the Day<\/strong>.\n<ul class=\"wp-block-list\">\n<li>Pablo Vera. <em>Director, IBMCP<\/em>.<\/li>\n\n\n\n<li>Jos\u00e9 Manuel Enriquez. <em>Agri-Food and Cooperative Business Manager DT Valencia<\/em>.<\/li>\n\n\n\n<li>Jos\u00e9 Pellicer.<em> President, BIOVEGEN<\/em>.<\/li>\n<\/ul>\n<\/li>\n\n\n\n<li><strong>10:20 a.m. IBMCP: Creating the future of agriculture together<\/strong>.\n<ul class=\"wp-block-list\">\n<li>Laura Zacares. <em>Technology Transfer Manager, IBMCP<\/em> <em>and Innovation Agent, AVI.<\/em><\/li>\n<\/ul>\n<\/li>\n\n\n\n<li><strong>10:40 a.m. Situation in legislation and regulations for NGTs<\/strong>.\n<ul class=\"wp-block-list\">\n<li>Ana Judith Mart\u00edn de la Fuente.<em> Secretary of the Interministerial Council of OMG. Ministry of Agriculture, Fisheries and Food. General Subdirectorate of Agricultural Means of Production and OEVV.<\/em><\/li>\n<\/ul>\n<\/li>\n\n\n\n<li><strong>11:00 a.m. Towards a new generation of treatments.<\/strong> <em>Moderator: Carlos Baixauli<\/em>, CAJAMAR.\n<ul class=\"wp-block-list\">\n<li>Natural compounds as an alternative to synthetic compounds to increase efficiency in crops. <em>Lison Purification<\/em>, <em>IBMCP<\/em>.<\/li>\n\n\n\n<li>Discovery of drugs to improve drought tolerance of crops. <em>Jorge Lozano<\/em> \u2013Juste, <em>IBMCP<\/em>.<\/li>\n\n\n\n<li>RNA-based virus vaccines. &nbsp;<em>Alberto Carbonell<\/em>, <em>IBMCP<\/em><\/li>\n\n\n\n<li>Biostimulants based on natural compounds. <em>Angela Borr\u00e1s, PLYMAG<\/em>.<\/li>\n<\/ul>\n<\/li>\n\n\n\n<li><strong>12:00 p.m. New more efficient and nutritious varieties.<\/strong> <em>Moderator: David Lapuente, BIOVEGEN.<\/em>\n\n\n\n\n\n\n\n\n\n\n\n\n\n\n\n\n\n\n\n\n\n\n\n\n\n\n\n\n\n\n\n\n\n\n\n\n\n\n\n\n\n\n\n\n\n\n\n\n\n\n\n\n\n\n\n\n\n\n\n\n\n\n\n\n\n\n\n\n\n\n\n\n\n\n\n\n\n\n\n\n\n\n\n\n\n\n\n\n\n\n\n\n\n\n\n\n\n\n\n\n\n\n\n\n\n\n\n\n\n\n\n\n\n\n\n\n\n\n\n\n\n\n\n\n\n\n\n\n\n\n\n\n\n\n\n\n\n\n\n\n\n\n\n\n\n\n\n\n<ul class=\"wp-block-list\">\n<li>Applications of Synthetic Plant Biology.<em> Diego Orz\u00e1ez, IBMCP<\/em>.<\/li>\n<\/ul>\n\n\n\n<ul class=\"wp-block-list\">\n<li>Improvement of the nutritional quality of plant products. <em>Manuel Rodr\u00edguez Concepci\u00f3n<\/em>, <em>IBMCP.<\/em><\/li>\n\n\n\n<li>Importaco: bioavailability of nutrients in nuts. <em>Amparo Devesa, IMPORTACO.<\/em><\/li>\n\n\n\n<li>New, more nutritious crop varieties. <em>Bernardo Cuenca, RIJK ZWAAN<\/em>.<\/li>\n<\/ul>\n<\/li>\n\n\n\n<li><em><strong>1:00 p.m. Cocktail and networking<\/strong><\/em><\/li>\n\n\n\n<li><strong>3:00 p.m. Sustainability in the production chain.<\/strong> <em>Moderator: Jaume Mart\u00ednez, IBMCP.<\/em>\n<ul class=\"wp-block-list\">\n<li>Zero residue crops. <em>Francisco Jos\u00e9 Escaray<\/em>, <em>IBMCP.<\/em><\/li>\n\n\n\n<li>Valorization of byproducts for use as biostimulants. <em>Jos\u00e9 Miguel Mulet<\/em>, <em>IBMCP<\/em>.<\/li>\n\n\n\n<li>Disease-resistant plants to reduce pesticide use. <em>Jos\u00e9 Antonio Dar\u00f3s<\/em>, <em>IBMCP.<\/em><\/li>\n\n\n\n<li>How biotechnology can help increase sustainability in the field<strong>. <\/strong><em>Victoria Ib\u00e1\u00f1ez and Nicol\u00e1s Juste, ANECOOP.<\/em><\/li>\n\n\n\n<li>Agroparc: Sustainable production chain \u201cfrom field to table\u201d.<strong><em> <\/em><\/strong><em>Joan Sim\u00f3, Ametller<\/em>.<\/li>\n<\/ul>\n<\/li>\n\n\n\n<li><strong>4:00 p.m. <strong>Open innovation and technology transfer.<\/strong> <\/strong> <em>Moderator: Laura Zacar\u00e9s<\/em>, <em>IBMCP.<\/em>\n<ul class=\"wp-block-list\">\n<li>BIOVEGEN as an example of an open innovation ecosystem. <em>Gonzaga Ruiz de Gauna<\/em>, <em>Manager at BIOVEGEN<\/em>.<\/li>\n\n\n\n<li>Cajamar Innova. <em>Juan Carlos G\u00e1zquez Garrido, Deputy Director of High Technology Business Incubator in Water, Cajamar Foundation.<\/em><\/li>\n\n\n\n<li><strong>Round table: Accelerating and creating the future of the sector through open innovation and technology transfer.<\/strong>\n<ul class=\"wp-block-list\">\n<li>AVI-Valencian Innovation Agency.<em> Victoria G\u00f3mez Gald\u00f3n, Head of the IVACE + i innovation unit<\/em>.<\/li>\n\n\n\n<li>AVA ASAJA. <em><em>Carlos Montesinos, Innovation Agent and Project Manager.<\/em><\/em><\/li>\n\n\n\n<li>MADEINPLANT. <em>Federico Grau, CEO.<\/em><\/li>\n\n\n\n<li>SWANLAAB. <em>Nora Alonso, partner and investment director of the Agri-Food Tech Fund.<\/em><\/li>\n\n\n\n<li>BIOVAL<em>. Jes\u00fas Ag\u00fcero, Director of BIOVAL and Innovation Agent.<\/em><\/li>\n<\/ul>\n<\/li>\n<\/ul>\n<\/li>\n\n\n\n<li><strong><em>5:15 p.m. Closure<\/em><\/strong>\n\n\n\n\n\n\n\n\n\n\n\n\n\n\n\n\n\n\n\n\n\n\n\n\n\n\n\n\n\n\n\n\n<ul class=\"wp-block-list\">\n<li>Laura Mart\u00ed Barranco, <em>Deputy Director General of Innovation Programs at IVACE+i.<\/em><\/li>\n<\/ul>\n\n\n\n<ul class=\"wp-block-list\">\n<li>Javier Bartolome, <em>Autonomous Secretary of Agriculture, Livestock and Fisheries.<\/em><\/li>\n<\/ul>\n<\/li>\n<\/ul>\n\n\n\n<div style=\"height:50px\" aria-hidden=\"true\" class=\"wp-block-spacer\"><\/div>\n\n\n\n<h2 class=\"wp-block-heading\">Previous IBMCP conferences\u2026<\/h2>\n\n\n\n<figure class=\"wp-block-gallery has-nested-images columns-default is-cropped wp-block-gallery-1 is-layout-flex wp-block-gallery-is-layout-flex\">\n<figure class=\"wp-block-image size-large\"><a href=\"https:\/\/biovegen.org\/wp-content\/uploads\/2024\/01\/1.jpg\"><img decoding=\"async\" width=\"1024\" height=\"603\" data-id=\"18897\" src=\"data:image\/gif;base64,R0lGODlhAQABAAAAACH5BAEKAAEALAAAAAABAAEAAAICTAEAOw==\" alt=\"\" class=\"wp-image-18897 lazyload\" sizes=\"(max-width: 1024px) 100vw, 1024px\" data-src=\"https:\/\/biovegen.org\/wp-content\/uploads\/2024\/01\/1.jpg\" data-srcset=\"https:\/\/biovegen.org\/wp-content\/uploads\/2024\/01\/1.jpg 1024w, https:\/\/biovegen.org\/wp-content\/uploads\/2024\/01\/1-600x353.jpg 600w, https:\/\/biovegen.org\/wp-content\/uploads\/2024\/01\/1-300x177.jpg 300w, https:\/\/biovegen.org\/wp-content\/uploads\/2024\/01\/1-768x452.jpg 768w, https:\/\/biovegen.org\/wp-content\/uploads\/2024\/01\/1-18x12.jpg 18w\"><\/a><\/figure>\n\n\n\n<figure class=\"wp-block-image size-large\"><a href=\"https:\/\/biovegen.org\/wp-content\/uploads\/2024\/01\/2.jpg\"><img decoding=\"async\" width=\"960\" height=\"640\" data-id=\"18902\" src=\"data:image\/gif;base64,R0lGODlhAQABAAAAACH5BAEKAAEALAAAAAABAAEAAAICTAEAOw==\" alt=\"\" class=\"wp-image-18902 lazyload\" sizes=\"(max-width: 960px) 100vw, 960px\" data-src=\"https:\/\/biovegen.org\/wp-content\/uploads\/2024\/01\/2.jpg\" data-srcset=\"https:\/\/biovegen.org\/wp-content\/uploads\/2024\/01\/2.jpg 960w, https:\/\/biovegen.org\/wp-content\/uploads\/2024\/01\/2-600x400.jpg 600w, https:\/\/biovegen.org\/wp-content\/uploads\/2024\/01\/2-300x200.jpg 300w, https:\/\/biovegen.org\/wp-content\/uploads\/2024\/01\/2-768x512.jpg 768w, https:\/\/biovegen.org\/wp-content\/uploads\/2024\/01\/2-18x12.jpg 18w\"><\/a><\/figure>\n\n\n\n<figure class=\"wp-block-image size-large\"><a href=\"https:\/\/biovegen.org\/wp-content\/uploads\/2024\/01\/3.jpg\"><img loading=\"lazy\" decoding=\"async\" width=\"960\" height=\"607\" data-id=\"18900\" src=\"data:image\/gif;base64,R0lGODlhAQABAAAAACH5BAEKAAEALAAAAAABAAEAAAICTAEAOw==\" alt=\"\" class=\"wp-image-18900 lazyload\" sizes=\"(max-width: 960px) 100vw, 960px\" data-src=\"https:\/\/biovegen.org\/wp-content\/uploads\/2024\/01\/3.jpg\" data-srcset=\"https:\/\/biovegen.org\/wp-content\/uploads\/2024\/01\/3.jpg 960w, https:\/\/biovegen.org\/wp-content\/uploads\/2024\/01\/3-600x379.jpg 600w, https:\/\/biovegen.org\/wp-content\/uploads\/2024\/01\/3-300x190.jpg 300w, https:\/\/biovegen.org\/wp-content\/uploads\/2024\/01\/3-768x486.jpg 768w, https:\/\/biovegen.org\/wp-content\/uploads\/2024\/01\/3-18x12.jpg 18w\"><\/a><\/figure>\n\n\n\n<figure class=\"wp-block-image size-large\"><a href=\"https:\/\/biovegen.org\/wp-content\/uploads\/2024\/01\/WhatsApp-Image-2024-01-11-at-09.48.27.jpeg\"><img loading=\"lazy\" decoding=\"async\" width=\"1024\" height=\"768\" data-id=\"18915\" src=\"data:image\/gif;base64,R0lGODlhAQABAAAAACH5BAEKAAEALAAAAAABAAEAAAICTAEAOw==\" alt=\"\" class=\"wp-image-18915 lazyload\" sizes=\"(max-width: 1024px) 100vw, 1024px\" data-src=\"https:\/\/biovegen.org\/wp-content\/uploads\/2024\/01\/WhatsApp-Image-2024-01-11-at-09.48.27-1024x768.jpeg\" data-srcset=\"https:\/\/biovegen.org\/wp-content\/uploads\/2024\/01\/WhatsApp-Image-2024-01-11-at-09.48.27-1024x768.jpeg 1024w, https:\/\/biovegen.org\/wp-content\/uploads\/2024\/01\/WhatsApp-Image-2024-01-11-at-09.48.27-600x450.jpeg 600w, https:\/\/biovegen.org\/wp-content\/uploads\/2024\/01\/WhatsApp-Image-2024-01-11-at-09.48.27-300x225.jpeg 300w, https:\/\/biovegen.org\/wp-content\/uploads\/2024\/01\/WhatsApp-Image-2024-01-11-at-09.48.27-768x576.jpeg 768w, https:\/\/biovegen.org\/wp-content\/uploads\/2024\/01\/WhatsApp-Image-2024-01-11-at-09.48.27-1536x1152.jpeg 1536w, https:\/\/biovegen.org\/wp-content\/uploads\/2024\/01\/WhatsApp-Image-2024-01-11-at-09.48.27-16x12.jpeg 16w, https:\/\/biovegen.org\/wp-content\/uploads\/2024\/01\/WhatsApp-Image-2024-01-11-at-09.48.27.jpeg 1600w\"><\/a><\/figure>\n\n\n\n<figure class=\"wp-block-image size-large\"><a href=\"https:\/\/biovegen.org\/wp-content\/uploads\/2024\/01\/5.jpg\"><img loading=\"lazy\" decoding=\"async\" width=\"1024\" height=\"768\" data-id=\"18899\" src=\"data:image\/gif;base64,R0lGODlhAQABAAAAACH5BAEKAAEALAAAAAABAAEAAAICTAEAOw==\" alt=\"\" class=\"wp-image-18899 lazyload\" sizes=\"(max-width: 1024px) 100vw, 1024px\" data-src=\"https:\/\/biovegen.org\/wp-content\/uploads\/2024\/01\/5.jpg\" data-srcset=\"https:\/\/biovegen.org\/wp-content\/uploads\/2024\/01\/5.jpg 1024w, https:\/\/biovegen.org\/wp-content\/uploads\/2024\/01\/5-600x450.jpg 600w, https:\/\/biovegen.org\/wp-content\/uploads\/2024\/01\/5-300x225.jpg 300w, https:\/\/biovegen.org\/wp-content\/uploads\/2024\/01\/5-768x576.jpg 768w, https:\/\/biovegen.org\/wp-content\/uploads\/2024\/01\/5-16x12.jpg 16w\"><\/a><\/figure>\n\n\n\n<figure class=\"wp-block-image size-large\"><a href=\"https:\/\/biovegen.org\/wp-content\/uploads\/2024\/01\/6.jpg\"><img loading=\"lazy\" decoding=\"async\" width=\"1024\" height=\"768\" data-id=\"18901\" src=\"data:image\/gif;base64,R0lGODlhAQABAAAAACH5BAEKAAEALAAAAAABAAEAAAICTAEAOw==\" alt=\"\" class=\"wp-image-18901 lazyload\" sizes=\"(max-width: 1024px) 100vw, 1024px\" data-src=\"https:\/\/biovegen.org\/wp-content\/uploads\/2024\/01\/6.jpg\" data-srcset=\"https:\/\/biovegen.org\/wp-content\/uploads\/2024\/01\/6.jpg 1024w, https:\/\/biovegen.org\/wp-content\/uploads\/2024\/01\/6-600x450.jpg 600w, https:\/\/biovegen.org\/wp-content\/uploads\/2024\/01\/6-300x225.jpg 300w, https:\/\/biovegen.org\/wp-content\/uploads\/2024\/01\/6-768x576.jpg 768w, https:\/\/biovegen.org\/wp-content\/uploads\/2024\/01\/6-16x12.jpg 16w\"><\/a><\/figure>\n<\/figure>\n\n\n\n<div class=\"wp-block-buttons is-content-justification-center is-layout-flex wp-container-core-buttons-is-layout-16018d1d wp-block-buttons-is-layout-flex\">\n<div class=\"wp-block-button\"><a class=\"wp-block-button__link wp-element-button\" href=\"https:\/\/biovegen.org\/actualidad\/celebrada-con-exito-la-jornada-ibmcp-empresas-tecnologia-al-servicio-de-la-agricultura\/\" target=\"_blank\" rel=\"noreferrer noopener\">Conference \u201cIBMCP-COMPANIES: Technology at the service of agriculture\u201d<\/a><\/div>\n<\/div>","protected":false},"excerpt":{"rendered":"<p>Jornada \u00abIBMCP &#8211; Ciencia y Tecnolog\u00eda al Servicio de la Agricultura\u00bb 15 de febrero de 2024. Valencia AFORO COMPLETO El pr\u00f3ximo 15 de febrero de 2024 se celebrar\u00e1 la&nbsp;Jornada \u00abIBMCP \u2013 Ciencia y Tecnolog\u00eda al Servicio de la Agricultura\u00bb en el Auditorio del Cubo Azul de la Ciudad Polit\u00e9cnica de la Innovaci\u00f3n&nbsp;(Valencia). Esta Jornada, organizada [&hellip;]<\/p>\n","protected":false},"featured_media":19151,"template":"","meta":{"_acf_changed":false,"inline_featured_image":false},"categories":[20,31],"tags":[],"class_list":["post-18744","evento","type-evento","status-publish","has-post-thumbnail","hentry","category-eventos","category-jornadas-biovegen-csic"],"acf":[],"_links":{"self":[{"href":"https:\/\/biovegen.org\/en\/wp-json\/wp\/v2\/evento\/18744","targetHints":{"allow":["GET"]}}],"collection":[{"href":"https:\/\/biovegen.org\/en\/wp-json\/wp\/v2\/evento"}],"about":[{"href":"https:\/\/biovegen.org\/en\/wp-json\/wp\/v2\/types\/evento"}],"wp:featuredmedia":[{"embeddable":true,"href":"https:\/\/biovegen.org\/en\/wp-json\/wp\/v2\/media\/19151"}],"wp:attachment":[{"href":"https:\/\/biovegen.org\/en\/wp-json\/wp\/v2\/media?parent=18744"}],"wp:term":[{"taxonomy":"category","embeddable":true,"href":"https:\/\/biovegen.org\/en\/wp-json\/wp\/v2\/categories?post=18744"},{"taxonomy":"post_tag","embeddable":true,"href":"https:\/\/biovegen.org\/en\/wp-json\/wp\/v2\/tags?post=18744"}],"curies":[{"name":"wp","href":"https:\/\/api.w.org\/{rel}","templated":true}]}}